{"id":45,"date":"2020-07-29T18:08:07","date_gmt":"2020-07-29T18:08:07","guid":{"rendered":"https:\/\/amigosdeblancas.org\/?page_id=45"},"modified":"2022-10-26T16:49:27","modified_gmt":"2022-10-26T16:49:27","slug":"homepage","status":"publish","type":"page","link":"https:\/\/amigosdeblancas.org\/","title":{"rendered":"Amigos de Blancas"},"content":{"rendered":"\n<h2 class=\"wp-block-heading\">Desde 2002, trabajando por la cultura<\/h2>\n\n\n\n<div class=\"wp-block-columns is-layout-flex wp-container-core-columns-is-layout-1 wp-block-columns-is-layout-flex\">\n<div class=\"wp-block-column is-vertically-aligned-center is-layout-flow wp-block-column-is-layout-flow\">\n<p><strong>NUESTRA HISTORIA<\/strong><\/p>\n\n\n\n<p>La Asociaci\u00f3n Amigos de Blancas fue creada en el a\u00f1o 2002, para contribuir a la <strong>dinamizaci\u00f3n y revitalizaci\u00f3n del municipio<\/strong>. Desde sus inicios el <strong>deporte y el cuidado del entorno<\/strong> natural son sus principales objetivos.<\/p>\n\n\n\n<p>En el a\u00f1o 2019, tras un <strong>cambio de contexto<\/strong> y vi\u00e9ndose impulsada por <strong>nuevas ideas y entusiasmo,<\/strong> la Asociaci\u00f3n se revitaliz\u00f3. <em>Lo que no te mata&#8230;te hace m\u00e1s fuerte<\/em>, \u00bfO eso dicen, no?<\/p>\n\n\n\n<p>Con la promoci\u00f3n de la <strong>Sabina Milenaria como \u00e1rbol Europeo 2021<\/strong>, ten\u00edamos un prop\u00f3sito com\u00fan, que fortaleci\u00f3 los v\u00ednculos de los hijos del pueblo y nos dio visibilidad. <\/p>\n\n\n\n<p>Tambi\u00e9n con la figura del artista local <em>Jes\u00fas Gua<\/em>llar, pudimos dar otro \u00abpunto de vista\u00bb a la Sabina, con su reconstrucci\u00f3n en hierro reciclado.<\/p>\n\n\n\n<p>Con la ayuda de todos los Blanqueros, se han celebrado ya dos ediciones del Festival Sabina, y con \u00e9l, artistas internacionales de ra\u00edces aragonesas, han dado luz, voz y emoci\u00f3n al \u00e1rido entorno de nuestro m\u00e1s valioso patrimonio natural.<\/p>\n\n\n\n<p>Si has llegado hasta el final, gracias. Te invitamos a que visites Blancas y disfrutes de nuestro pueblo, que para nosotros, es una joya.<\/p>\n<\/div>\n\n\n\n<div class=\"wp-block-column is-layout-flow wp-block-column-is-layout-flow\">\n<figure class=\"wp-block-image size-full\"><img loading=\"lazy\" decoding=\"async\" width=\"768\" height=\"1024\" src=\"https:\/\/amigosdeblancas.org\/wp-content\/uploads\/2022\/10\/WhatsApp-Image-2022-10-26-at-5.55.01-PM-3.jpeg\" alt=\"\" class=\"wp-image-735\" srcset=\"https:\/\/amigosdeblancas.org\/wp-content\/uploads\/2022\/10\/WhatsApp-Image-2022-10-26-at-5.55.01-PM-3.jpeg 768w, https:\/\/amigosdeblancas.org\/wp-content\/uploads\/2022\/10\/WhatsApp-Image-2022-10-26-at-5.55.01-PM-3-225x300.jpeg 225w, https:\/\/amigosdeblancas.org\/wp-content\/uploads\/2022\/10\/WhatsApp-Image-2022-10-26-at-5.55.01-PM-3-150x200.jpeg 150w\" sizes=\"(max-width: 768px) 100vw, 768px\" \/><\/figure>\n<\/div>\n<\/div>\n\n\n\n<div class=\"wp-block-columns is-layout-flex wp-container-core-columns-is-layout-2 wp-block-columns-is-layout-flex\">\n<div class=\"wp-block-column is-layout-flow wp-block-column-is-layout-flow\">\n<figure class=\"wp-block-image size-full\"><img loading=\"lazy\" decoding=\"async\" width=\"768\" height=\"1024\" src=\"https:\/\/amigosdeblancas.org\/wp-content\/uploads\/2022\/10\/WhatsApp-Image-2022-10-26-at-5.54.57-PM-1.jpeg\" alt=\"\" class=\"wp-image-741\" srcset=\"https:\/\/amigosdeblancas.org\/wp-content\/uploads\/2022\/10\/WhatsApp-Image-2022-10-26-at-5.54.57-PM-1.jpeg 768w, https:\/\/amigosdeblancas.org\/wp-content\/uploads\/2022\/10\/WhatsApp-Image-2022-10-26-at-5.54.57-PM-1-225x300.jpeg 225w, https:\/\/amigosdeblancas.org\/wp-content\/uploads\/2022\/10\/WhatsApp-Image-2022-10-26-at-5.54.57-PM-1-150x200.jpeg 150w\" sizes=\"(max-width: 768px) 100vw, 768px\" \/><figcaption><em>Ruta senderista al Alto del Campanar<\/em><\/figcaption><\/figure>\n<\/div>\n\n\n\n<div class=\"wp-block-column is-layout-flow wp-block-column-is-layout-flow\">\n<figure class=\"wp-block-image size-full\"><img loading=\"lazy\" decoding=\"async\" width=\"768\" height=\"1024\" src=\"http:\/\/amigosdeblancas.org\/wp-content\/uploads\/2022\/10\/WhatsApp-Image-2022-10-26-at-5.54.58-PM.jpeg\" alt=\"\" class=\"wp-image-738\" srcset=\"https:\/\/amigosdeblancas.org\/wp-content\/uploads\/2022\/10\/WhatsApp-Image-2022-10-26-at-5.54.58-PM.jpeg 768w, https:\/\/amigosdeblancas.org\/wp-content\/uploads\/2022\/10\/WhatsApp-Image-2022-10-26-at-5.54.58-PM-225x300.jpeg 225w, https:\/\/amigosdeblancas.org\/wp-content\/uploads\/2022\/10\/WhatsApp-Image-2022-10-26-at-5.54.58-PM-150x200.jpeg 150w\" sizes=\"(max-width: 768px) 100vw, 768px\" \/><\/figure>\n\n\n\n<p><em>Atardecer en la Sabina de hierro<\/em><\/p>\n<\/div>\n\n\n\n<div class=\"wp-block-column is-vertically-aligned-center is-layout-flow wp-block-column-is-layout-flow\">\n<p><strong>\u00bfQUIERES COLABORAR CON NOSOTROS?<\/strong><\/p>\n\n\n\n<p>Seguimos trabajando para \u201cponer a Blancas en el mapa\u201d creando sinergias y apoyando la cultura, <strong>\u00bfya eres miembro de nuestra asociaci\u00f3n?<\/strong><br>Tienes muchas formas de poder colaborar con nosotros:<\/p>\n\n\n\n<p>&#8211; Comparte contenido<br>&#8211; Ven a los eventos organizados<br>&#8211; Trae a tus amigos<br>&#8211; Prop\u00f3n ideas<br>&#8211; <strong>Hazte socio<\/strong> (Cuota anual 10\u20ac) Haz clic <strong><span class=\"has-inline-color has-vivid-red-color\"><a href=\"https:\/\/buy.stripe.com\/6oEaHqdNi7bJ9688ww\">aqu\u00ed <\/a><\/span><\/strong>para realizar el pago<br>&#8211; \u00a1\u00danete a la junta!<\/p>\n<\/div>\n<\/div>\n\n\n\n<div class=\"wp-block-columns is-layout-flex wp-container-core-columns-is-layout-3 wp-block-columns-is-layout-flex\">\n<div class=\"wp-block-column is-layout-flow wp-block-column-is-layout-flow\">\n<p>Si prefieres hacer <strong>una aportaci\u00f3n puntual <\/strong>la puedes hacer mediante transferencia a nuestra cuenta de<\/p>\n\n\n\n<p>Caja Rural de Teruel ES87 3080 0012 1921 8482 3017 o mediante PayPal<\/p>\n\n\n\n<figure class=\"wp-block-image size-full\"><a href=\"https:\/\/www.paypal.com\/donate\/?hosted_button_id=LWYRQWKAXF9U6\"><img loading=\"lazy\" decoding=\"async\" width=\"92\" height=\"26\" src=\"http:\/\/amigosdeblancas.org\/wp-content\/uploads\/2022\/07\/btn_donate_LG.gif\" alt=\"\" class=\"wp-image-698\"\/><\/a><\/figure>\n\n\n\n<p><\/p>\n<\/div>\n\n\n\n<div class=\"wp-block-column is-layout-flow wp-block-column-is-layout-flow\">\n<figure class=\"wp-block-image size-full\"><img loading=\"lazy\" decoding=\"async\" width=\"768\" height=\"1024\" src=\"https:\/\/amigosdeblancas.org\/wp-content\/uploads\/2022\/10\/WhatsApp-Image-2022-10-26-at-5.54.59-PM-2.jpeg\" alt=\"\" class=\"wp-image-793\" srcset=\"https:\/\/amigosdeblancas.org\/wp-content\/uploads\/2022\/10\/WhatsApp-Image-2022-10-26-at-5.54.59-PM-2.jpeg 768w, https:\/\/amigosdeblancas.org\/wp-content\/uploads\/2022\/10\/WhatsApp-Image-2022-10-26-at-5.54.59-PM-2-225x300.jpeg 225w, https:\/\/amigosdeblancas.org\/wp-content\/uploads\/2022\/10\/WhatsApp-Image-2022-10-26-at-5.54.59-PM-2-150x200.jpeg 150w\" sizes=\"(max-width: 768px) 100vw, 768px\" \/><\/figure>\n<\/div>\n\n\n\n<div class=\"wp-block-column is-layout-flow wp-block-column-is-layout-flow\">\n<figure class=\"wp-block-image size-full\"><img loading=\"lazy\" decoding=\"async\" width=\"768\" height=\"1024\" src=\"https:\/\/amigosdeblancas.org\/wp-content\/uploads\/2022\/10\/WhatsApp-Image-2022-10-26-at-5.54.58-PM-1.jpeg\" alt=\"\" class=\"wp-image-794\" srcset=\"https:\/\/amigosdeblancas.org\/wp-content\/uploads\/2022\/10\/WhatsApp-Image-2022-10-26-at-5.54.58-PM-1.jpeg 768w, https:\/\/amigosdeblancas.org\/wp-content\/uploads\/2022\/10\/WhatsApp-Image-2022-10-26-at-5.54.58-PM-1-225x300.jpeg 225w, https:\/\/amigosdeblancas.org\/wp-content\/uploads\/2022\/10\/WhatsApp-Image-2022-10-26-at-5.54.58-PM-1-150x200.jpeg 150w\" sizes=\"(max-width: 768px) 100vw, 768px\" \/><\/figure>\n<\/div>\n<\/div>\n","protected":false},"excerpt":{"rendered":"<p>Desde 2002, trabajando por la cultura NUESTRA HISTORIA La Asociaci\u00f3n Amigos de Blancas fue creada en el a\u00f1o 2002, para contribuir a la dinamizaci\u00f3n y revitalizaci\u00f3n del municipio. Desde sus inicios el deporte y el cuidado del entorno natural son sus principales objetivos. En el a\u00f1o 2019, tras un cambio de contexto y vi\u00e9ndose impulsada &hellip;<\/p>\n<p class=\"read-more\"> <a class=\"\" href=\"https:\/\/amigosdeblancas.org\/\"> <span class=\"screen-reader-text\">Amigos de Blancas<\/span> Leer m\u00e1s &raquo;<\/a><\/p>\n","protected":false},"author":1,"featured_media":0,"parent":0,"menu_order":0,"comment_status":"closed","ping_status":"closed","template":"","meta":{"site-sidebar-layout":"no-sidebar","site-content-layout":"plain-container","ast-global-header-display":"","ast-main-header-display":"","ast-hfb-above-header-display":"","ast-hfb-below-header-display":"","ast-hfb-mobile-header-display":"","site-post-title":"","ast-breadcrumbs-content":"","ast-featured-img":"","footer-sml-layout":"","theme-transparent-header-meta":"default","adv-header-id-meta":"","stick-header-meta":"","header-above-stick-meta":"","header-main-stick-meta":"","header-below-stick-meta":"","footnotes":""},"jetpack_sharing_enabled":true,"_links":{"self":[{"href":"https:\/\/amigosdeblancas.org\/index.php?rest_route=\/wp\/v2\/pages\/45"}],"collection":[{"href":"https:\/\/amigosdeblancas.org\/index.php?rest_route=\/wp\/v2\/pages"}],"about":[{"href":"https:\/\/amigosdeblancas.org\/index.php?rest_route=\/wp\/v2\/types\/page"}],"author":[{"embeddable":true,"href":"https:\/\/amigosdeblancas.org\/index.php?rest_route=\/wp\/v2\/users\/1"}],"replies":[{"embeddable":true,"href":"https:\/\/amigosdeblancas.org\/index.php?rest_route=%2Fwp%2Fv2%2Fcomments&post=45"}],"version-history":[{"count":48,"href":"https:\/\/amigosdeblancas.org\/index.php?rest_route=\/wp\/v2\/pages\/45\/revisions"}],"predecessor-version":[{"id":796,"href":"https:\/\/amigosdeblancas.org\/index.php?rest_route=\/wp\/v2\/pages\/45\/revisions\/796"}],"wp:attachment":[{"href":"https:\/\/amigosdeblancas.org\/index.php?rest_route=%2Fwp%2Fv2%2Fmedia&parent=45"}],"curies":[{"name":"wp","href":"https:\/\/api.w.org\/{rel}","templated":true}]}}